{"version":"1.0","provider_name":"Ensemble intercontemporain","provider_url":"https:\/\/www.ensembleintercontemporain.com\/fr\/","author_name":"Eric Soyer","author_url":"https:\/\/www.ensembleintercontemporain.com\/fr\/author\/esoyer\/","title":"Espace et lumi\u00e8re. - Ensemble intercontemporain","type":"rich","width":600,"height":338,"html":"<blockquote class=\"wp-embedded-content\" data-secret=\"xfyD36PriU\"><a href=\"https:\/\/www.ensembleintercontemporain.com\/fr\/2023\/02\/espace-et-lumiere\/\">Espace et lumi\u00e8re.<\/a><\/blockquote><iframe sandbox=\"allow-scripts\" security=\"restricted\" src=\"https:\/\/www.ensembleintercontemporain.com\/fr\/2023\/02\/espace-et-lumiere\/embed\/#?secret=xfyD36PriU\" width=\"600\" height=\"338\" title=\"\u00ab\u00a0Espace et lumi\u00e8re.\u00a0\u00bb &#8212; Ensemble intercontemporain\" data-secret=\"xfyD36PriU\" frameborder=\"0\" marginwidth=\"0\" marginheight=\"0\" scrolling=\"no\" class=\"wp-embedded-content\"><\/iframe><script type=\"text\/javascript\">\n\/* <![CDATA[ *\/\n\/*! This file is auto-generated *\/\n!function(d,l){\"use strict\";l.querySelector&&d.addEventListener&&\"undefined\"!=typeof URL&&(d.wp=d.wp||{},d.wp.receiveEmbedMessage||(d.wp.receiveEmbedMessage=function(e){var t=e.data;if((t||t.secret||t.message||t.value)&&!\/[^a-zA-Z0-9]\/.test(t.secret)){for(var s,r,n,a=l.querySelectorAll('iframe[data-secret=\"'+t.secret+'\"]'),o=l.querySelectorAll('blockquote[data-secret=\"'+t.secret+'\"]'),c=new RegExp(\"^https?:$\",\"i\"),i=0;i<o.length;i++)o[i].style.display=\"none\";for(i=0;i<a.length;i++)s=a[i],e.source===s.contentWindow&&(s.removeAttribute(\"style\"),\"height\"===t.message?(1e3<(r=parseInt(t.value,10))?r=1e3:~~r<200&&(r=200),s.height=r):\"link\"===t.message&&(r=new URL(s.getAttribute(\"src\")),n=new URL(t.value),c.test(n.protocol))&&n.host===r.host&&l.activeElement===s&&(d.top.location.href=t.value))}},d.addEventListener(\"message\",d.wp.receiveEmbedMessage,!1),l.addEventListener(\"DOMContentLoaded\",function(){for(var e,t,s=l.querySelectorAll(\"iframe.wp-embedded-content\"),r=0;r<s.length;r++)(t=(e=s[r]).getAttribute(\"data-secret\"))||(t=Math.random().toString(36).substring(2,12),e.src+=\"#?secret=\"+t,e.setAttribute(\"data-secret\",t)),e.contentWindow.postMessage({message:\"ready\",secret:t},\"*\")},!1)))}(window,document);\n\/\/# sourceURL=https:\/\/www.ensembleintercontemporain.com\/wp-includes\/js\/wp-embed.min.js\n\/* ]]> *\/\n<\/script>\n","thumbnail_url":"http:\/\/www.ensembleintercontemporain.com\/content\/uploads\/2023\/02\/eric-soyer-bd.jpg","thumbnail_width":1920,"thumbnail_height":1288,"description":"Cr\u00e9ateur lumi\u00e8re, \u00c9ric Soyer a multipli\u00e9 les collaborations dans tous les domaines. Le 9 juin 2023, il mettra ses talents au service de l\u2019Ensemble intercontemporain pour une soir\u00e9e empreinte de spiritualit\u00e9 \u00e0 la Cit\u00e9 de la musique. Il est notre \u00ab Invit\u00e9 \u00bb en ce d\u00e9but d\u2019ann\u00e9e, pour mettre en lumi\u00e8re ses propres processus de cr\u00e9ation."}