{"version":"1.0","provider_name":"Ensemble intercontemporain","provider_url":"https:\/\/www.ensembleintercontemporain.com\/fr\/","author_name":"Benjamin Bibas","author_url":"https:\/\/www.ensembleintercontemporain.com\/fr\/author\/benjamin-bibas\/","title":"Displacement : mouvement social. - Ensemble intercontemporain","type":"rich","width":600,"height":338,"html":"<blockquote class=\"wp-embedded-content\" data-secret=\"d4Qo3kA1qr\"><a href=\"https:\/\/www.ensembleintercontemporain.com\/fr\/2022\/05\/displacement-mouvement-social\/\">Displacement : mouvement social.<\/a><\/blockquote><iframe sandbox=\"allow-scripts\" security=\"restricted\" src=\"https:\/\/www.ensembleintercontemporain.com\/fr\/2022\/05\/displacement-mouvement-social\/embed\/#?secret=d4Qo3kA1qr\" width=\"600\" height=\"338\" title=\"\u00ab\u00a0Displacement : mouvement social.\u00a0\u00bb &#8212; Ensemble intercontemporain\" data-secret=\"d4Qo3kA1qr\" frameborder=\"0\" marginwidth=\"0\" marginheight=\"0\" scrolling=\"no\" class=\"wp-embedded-content\"><\/iframe><script type=\"text\/javascript\">\n\/* <![CDATA[ *\/\n\/*! This file is auto-generated *\/\n!function(d,l){\"use strict\";l.querySelector&&d.addEventListener&&\"undefined\"!=typeof URL&&(d.wp=d.wp||{},d.wp.receiveEmbedMessage||(d.wp.receiveEmbedMessage=function(e){var t=e.data;if((t||t.secret||t.message||t.value)&&!\/[^a-zA-Z0-9]\/.test(t.secret)){for(var s,r,n,a=l.querySelectorAll('iframe[data-secret=\"'+t.secret+'\"]'),o=l.querySelectorAll('blockquote[data-secret=\"'+t.secret+'\"]'),c=new RegExp(\"^https?:$\",\"i\"),i=0;i<o.length;i++)o[i].style.display=\"none\";for(i=0;i<a.length;i++)s=a[i],e.source===s.contentWindow&&(s.removeAttribute(\"style\"),\"height\"===t.message?(1e3<(r=parseInt(t.value,10))?r=1e3:~~r<200&&(r=200),s.height=r):\"link\"===t.message&&(r=new URL(s.getAttribute(\"src\")),n=new URL(t.value),c.test(n.protocol))&&n.host===r.host&&l.activeElement===s&&(d.top.location.href=t.value))}},d.addEventListener(\"message\",d.wp.receiveEmbedMessage,!1),l.addEventListener(\"DOMContentLoaded\",function(){for(var e,t,s=l.querySelectorAll(\"iframe.wp-embedded-content\"),r=0;r<s.length;r++)(t=(e=s[r]).getAttribute(\"data-secret\"))||(t=Math.random().toString(36).substring(2,12),e.src+=\"#?secret=\"+t,e.setAttribute(\"data-secret\",t)),e.contentWindow.postMessage({message:\"ready\",secret:t},\"*\")},!1)))}(window,document);\n\/\/# sourceURL=https:\/\/www.ensembleintercontemporain.com\/wp-includes\/js\/wp-embed.min.js\n\/* ]]> *\/\n<\/script>\n","thumbnail_url":"http:\/\/www.ensembleintercontemporain.com\/content\/uploads\/2022\/05\/dscf6152.jpg","thumbnail_width":1920,"thumbnail_height":1280,"description":"Comme son nom l\u2019indique, \"Displacement\" (d\u00e9placement en fran\u00e7ais), est un projet qui interroge, au moyen de la musique et de la danse, la notion de d\u00e9placement dans l\u2019espace g\u00e9ographique mais aussi culturel et social. Tout au long d\u2019un processus de cr\u00e9ation chor\u00e9graphique men\u00e9 par Anna Chirescu (compagnie Anna & Gr\u00e9goire) sur des musiques du vingti\u00e8me si\u00e8cle, des habitant.es de la ville de Romainville, quatre mineur.e.s non accompagn\u00e9.e.s, des enfants d\u2019une classe de CM1 et deux solistes de l\u2019Ensemble intercontemporain, John Stulz (alto) et \u00c9ric-Maria Couturier (violoncelle), ont travaill\u00e9 pendant un an et demi \u00e0 la r\u00e9alisation d\u2019un spectacle original pr\u00e9sent\u00e9 au Pavillon de Romainville en d\u00e9cembre 2021."}