{"version":"1.0","provider_name":"Ensemble intercontemporain","provider_url":"https:\/\/www.ensembleintercontemporain.com\/fr\/","author_name":"Ali\u00e9nor Dauchez","author_url":"https:\/\/www.ensembleintercontemporain.com\/fr\/author\/adauchez\/","title":"\u00ab In Between, Narcisse \u00bb : une exp\u00e9rience immersive. - Ensemble intercontemporain","type":"rich","width":600,"height":338,"html":"<blockquote class=\"wp-embedded-content\" data-secret=\"8HcYp5clZ9\"><a href=\"https:\/\/www.ensembleintercontemporain.com\/fr\/2021\/09\/in-between-narcisse-une-experience-immersive\/\">\u00ab In Between, Narcisse \u00bb : une exp\u00e9rience immersive.<\/a><\/blockquote><iframe sandbox=\"allow-scripts\" security=\"restricted\" src=\"https:\/\/www.ensembleintercontemporain.com\/fr\/2021\/09\/in-between-narcisse-une-experience-immersive\/embed\/#?secret=8HcYp5clZ9\" width=\"600\" height=\"338\" title=\"\u00ab\u00a0\u00ab In Between, Narcisse \u00bb : une exp\u00e9rience immersive.\u00a0\u00bb &#8212; Ensemble intercontemporain\" data-secret=\"8HcYp5clZ9\" frameborder=\"0\" marginwidth=\"0\" marginheight=\"0\" scrolling=\"no\" class=\"wp-embedded-content\"><\/iframe><script type=\"text\/javascript\">\n\/* <![CDATA[ *\/\n\/*! This file is auto-generated *\/\n!function(d,l){\"use strict\";l.querySelector&&d.addEventListener&&\"undefined\"!=typeof URL&&(d.wp=d.wp||{},d.wp.receiveEmbedMessage||(d.wp.receiveEmbedMessage=function(e){var t=e.data;if((t||t.secret||t.message||t.value)&&!\/[^a-zA-Z0-9]\/.test(t.secret)){for(var s,r,n,a=l.querySelectorAll('iframe[data-secret=\"'+t.secret+'\"]'),o=l.querySelectorAll('blockquote[data-secret=\"'+t.secret+'\"]'),c=new RegExp(\"^https?:$\",\"i\"),i=0;i<o.length;i++)o[i].style.display=\"none\";for(i=0;i<a.length;i++)s=a[i],e.source===s.contentWindow&&(s.removeAttribute(\"style\"),\"height\"===t.message?(1e3<(r=parseInt(t.value,10))?r=1e3:~~r<200&&(r=200),s.height=r):\"link\"===t.message&&(r=new URL(s.getAttribute(\"src\")),n=new URL(t.value),c.test(n.protocol))&&n.host===r.host&&l.activeElement===s&&(d.top.location.href=t.value))}},d.addEventListener(\"message\",d.wp.receiveEmbedMessage,!1),l.addEventListener(\"DOMContentLoaded\",function(){for(var e,t,s=l.querySelectorAll(\"iframe.wp-embedded-content\"),r=0;r<s.length;r++)(t=(e=s[r]).getAttribute(\"data-secret\"))||(t=Math.random().toString(36).substring(2,12),e.src+=\"#?secret=\"+t,e.setAttribute(\"data-secret\",t)),e.contentWindow.postMessage({message:\"ready\",secret:t},\"*\")},!1)))}(window,document);\n\/\/# sourceURL=https:\/\/www.ensembleintercontemporain.com\/wp-includes\/js\/wp-embed.min.js\n\/* ]]> *\/\n<\/script>\n","thumbnail_url":"https:\/\/www.ensembleintercontemporain.com\/content\/uploads\/2021\/08\/img5172-pp-2.jpg","thumbnail_width":1920,"thumbnail_height":1471,"description":"Artiste visuelle et metteuse en sc\u00e8ne Ali\u00e9nor Dauchez cor\u00e9alisera, avec Michael Kleine, la sc\u00e9nographie de la nouvelle soir\u00e9e\u00a0\"In Between\" (sur le th\u00e8me de Narcisse) du 25 septembre \u00e0 la Cit\u00e9 de la musique. Un format de concert original totalement en phase avec la\u00a0recherche\u00a0de la\u00a0directrice artistique de la compagnie de th\u00e9\u00e2tre musical La Cage, de nouveaux dispositifs de narration et de repr\u00e9sentation. \u00a0"}