{"version":"1.0","provider_name":"Ensemble intercontemporain","provider_url":"https:\/\/www.ensembleintercontemporain.com\/fr\/","author_name":"J\u00e9remie Szpirglas","author_url":"https:\/\/www.ensembleintercontemporain.com\/fr\/author\/benjamin-szpirglas\/","title":"Entretien avec H\u00e9l\u00e8ne Fauch\u00e8re, soprano - Ensemble intercontemporain","type":"rich","width":600,"height":338,"html":"<blockquote class=\"wp-embedded-content\" data-secret=\"SPYLOUygRk\"><a href=\"https:\/\/www.ensembleintercontemporain.com\/fr\/2015\/09\/entretien-avec-helene-fauchere-soprano\/\">Entretien avec H\u00e9l\u00e8ne Fauch\u00e8re, soprano<\/a><\/blockquote><iframe sandbox=\"allow-scripts\" security=\"restricted\" src=\"https:\/\/www.ensembleintercontemporain.com\/fr\/2015\/09\/entretien-avec-helene-fauchere-soprano\/embed\/#?secret=SPYLOUygRk\" width=\"600\" height=\"338\" title=\"\u00ab\u00a0Entretien avec H\u00e9l\u00e8ne Fauch\u00e8re, soprano\u00a0\u00bb &#8212; Ensemble intercontemporain\" data-secret=\"SPYLOUygRk\" frameborder=\"0\" marginwidth=\"0\" marginheight=\"0\" scrolling=\"no\" class=\"wp-embedded-content\"><\/iframe><script type=\"text\/javascript\">\n\/* <![CDATA[ *\/\n\/*! This file is auto-generated *\/\n!function(d,l){\"use strict\";l.querySelector&&d.addEventListener&&\"undefined\"!=typeof URL&&(d.wp=d.wp||{},d.wp.receiveEmbedMessage||(d.wp.receiveEmbedMessage=function(e){var t=e.data;if((t||t.secret||t.message||t.value)&&!\/[^a-zA-Z0-9]\/.test(t.secret)){for(var s,r,n,a=l.querySelectorAll('iframe[data-secret=\"'+t.secret+'\"]'),o=l.querySelectorAll('blockquote[data-secret=\"'+t.secret+'\"]'),c=new RegExp(\"^https?:$\",\"i\"),i=0;i<o.length;i++)o[i].style.display=\"none\";for(i=0;i<a.length;i++)s=a[i],e.source===s.contentWindow&&(s.removeAttribute(\"style\"),\"height\"===t.message?(1e3<(r=parseInt(t.value,10))?r=1e3:~~r<200&&(r=200),s.height=r):\"link\"===t.message&&(r=new URL(s.getAttribute(\"src\")),n=new URL(t.value),c.test(n.protocol))&&n.host===r.host&&l.activeElement===s&&(d.top.location.href=t.value))}},d.addEventListener(\"message\",d.wp.receiveEmbedMessage,!1),l.addEventListener(\"DOMContentLoaded\",function(){for(var e,t,s=l.querySelectorAll(\"iframe.wp-embedded-content\"),r=0;r<s.length;r++)(t=(e=s[r]).getAttribute(\"data-secret\"))||(t=Math.random().toString(36).substring(2,12),e.src+=\"#?secret=\"+t,e.setAttribute(\"data-secret\",t)),e.contentWindow.postMessage({message:\"ready\",secret:t},\"*\")},!1)))}(window,document);\n\/\/# sourceURL=https:\/\/www.ensembleintercontemporain.com\/wp-includes\/js\/wp-embed.min.js\n\/* ]]> *\/\n<\/script>\n","thumbnail_url":"https:\/\/www.ensembleintercontemporain.com\/content\/uploads\/2015\/09\/Helene_Fauch\u00e8re_header.jpg","thumbnail_width":464,"thumbnail_height":237,"description":"La soprano H\u00e9l\u00e8ne Fauch\u00e8re accompagne l\u2019Ensemble intercontemporain dans ses concerts \u00e0\u00a0Milan le 10 septembre\u00a0et\u00a0Turin le 11 septembre, dans le cadre du festival MITO. Elle revient pour nous sur son exp\u00e9rience avec l\u2019Ensemble, d\u00e9but\u00e9e fin 2014."}