{"version":"1.0","provider_name":"Ensemble intercontemporain","provider_url":"https:\/\/www.ensembleintercontemporain.com\/en\/","author_name":"Lambert Dousson","author_url":"https:\/\/www.ensembleintercontemporain.com\/en\/author\/l-dousson\/","title":"Pierre Boulez, c\u00f4t\u00e9 livres. - Ensemble intercontemporain","type":"rich","width":600,"height":338,"html":"<blockquote class=\"wp-embedded-content\" data-secret=\"2qwkQmaRjM\"><a href=\"https:\/\/www.ensembleintercontemporain.com\/en\/2025\/01\/pierre-boulez-cote-livres\/\">Pierre Boulez, c\u00f4t\u00e9 livres.<\/a><\/blockquote><iframe sandbox=\"allow-scripts\" security=\"restricted\" src=\"https:\/\/www.ensembleintercontemporain.com\/en\/2025\/01\/pierre-boulez-cote-livres\/embed\/#?secret=2qwkQmaRjM\" width=\"600\" height=\"338\" title=\"&#8220;Pierre Boulez, c\u00f4t\u00e9 livres.&#8221; &#8212; Ensemble intercontemporain\" data-secret=\"2qwkQmaRjM\" frameborder=\"0\" marginwidth=\"0\" marginheight=\"0\" scrolling=\"no\" class=\"wp-embedded-content\"><\/iframe><script type=\"text\/javascript\">\n\/* <![CDATA[ *\/\n\/*! This file is auto-generated *\/\n!function(d,l){\"use strict\";l.querySelector&&d.addEventListener&&\"undefined\"!=typeof URL&&(d.wp=d.wp||{},d.wp.receiveEmbedMessage||(d.wp.receiveEmbedMessage=function(e){var t=e.data;if((t||t.secret||t.message||t.value)&&!\/[^a-zA-Z0-9]\/.test(t.secret)){for(var s,r,n,a=l.querySelectorAll('iframe[data-secret=\"'+t.secret+'\"]'),o=l.querySelectorAll('blockquote[data-secret=\"'+t.secret+'\"]'),c=new RegExp(\"^https?:$\",\"i\"),i=0;i<o.length;i++)o[i].style.display=\"none\";for(i=0;i<a.length;i++)s=a[i],e.source===s.contentWindow&&(s.removeAttribute(\"style\"),\"height\"===t.message?(1e3<(r=parseInt(t.value,10))?r=1e3:~~r<200&&(r=200),s.height=r):\"link\"===t.message&&(r=new URL(s.getAttribute(\"src\")),n=new URL(t.value),c.test(n.protocol))&&n.host===r.host&&l.activeElement===s&&(d.top.location.href=t.value))}},d.addEventListener(\"message\",d.wp.receiveEmbedMessage,!1),l.addEventListener(\"DOMContentLoaded\",function(){for(var e,t,s=l.querySelectorAll(\"iframe.wp-embedded-content\"),r=0;r<s.length;r++)(t=(e=s[r]).getAttribute(\"data-secret\"))||(t=Math.random().toString(36).substring(2,12),e.src+=\"#?secret=\"+t,e.setAttribute(\"data-secret\",t)),e.contentWindow.postMessage({message:\"ready\",secret:t},\"*\")},!1)))}(window,document);\n\/\/# sourceURL=https:\/\/www.ensembleintercontemporain.com\/wp-includes\/js\/wp-embed.min.js\n\/* ]]> *\/\n<\/script>\n","thumbnail_url":"https:\/\/www.ensembleintercontemporain.com\/content\/uploads\/2025\/01\/boulez-456391-03-gontier.jpg","thumbnail_width":1920,"thumbnail_height":1280,"description":"En plus d\u2019avoir \u00e9t\u00e9 le compositeur, le chef d\u2019orchestre, le grand p\u00e9dagogue et b\u00e2tisseur d\u2019institutions qu\u2019on connait, Pierre Boulez fut \u00e9galement l\u2019auteur d'essais et autres textes sur la musique et participa \u00e0 plusieurs livres d'entretiens. Le philosophe Lambert Dousson, qui a publi\u00e9 en 2017 \u00ab Une mani\u00e8re de penser et de sentir, essai sur Pierre Boulez \u00bb nous guide dans la bibliographie boul\u00e9zienne et propose des \u00e9l\u00e9ments de description de textes, devenus jalons de la musicologie et de l\u2019esth\u00e9tique musicale du vingti\u00e8me si\u00e8cle."}