{"version":"1.0","provider_name":"Ensemble intercontemporain","provider_url":"https:\/\/www.ensembleintercontemporain.com\/en\/","author_name":"Vimbayi Kaziboni","author_url":"https:\/\/www.ensembleintercontemporain.com\/en\/author\/kaziboni\/","title":"Gy\u00f6rgy Ligeti : aux sources du rythme. - Ensemble intercontemporain","type":"rich","width":600,"height":338,"html":"<blockquote class=\"wp-embedded-content\" data-secret=\"7ZWvdohRQI\"><a href=\"https:\/\/www.ensembleintercontemporain.com\/en\/2023\/02\/gyorgy-ligeti-aux-sources-du-rythme\/\">Gy\u00f6rgy Ligeti : aux sources du rythme.<\/a><\/blockquote><iframe sandbox=\"allow-scripts\" security=\"restricted\" src=\"https:\/\/www.ensembleintercontemporain.com\/en\/2023\/02\/gyorgy-ligeti-aux-sources-du-rythme\/embed\/#?secret=7ZWvdohRQI\" width=\"600\" height=\"338\" title=\"&#8220;Gy\u00f6rgy Ligeti : aux sources du rythme.&#8221; &#8212; Ensemble intercontemporain\" data-secret=\"7ZWvdohRQI\" frameborder=\"0\" marginwidth=\"0\" marginheight=\"0\" scrolling=\"no\" class=\"wp-embedded-content\"><\/iframe><script type=\"text\/javascript\">\n\/* <![CDATA[ *\/\n\/*! This file is auto-generated *\/\n!function(d,l){\"use strict\";l.querySelector&&d.addEventListener&&\"undefined\"!=typeof URL&&(d.wp=d.wp||{},d.wp.receiveEmbedMessage||(d.wp.receiveEmbedMessage=function(e){var t=e.data;if((t||t.secret||t.message||t.value)&&!\/[^a-zA-Z0-9]\/.test(t.secret)){for(var s,r,n,a=l.querySelectorAll('iframe[data-secret=\"'+t.secret+'\"]'),o=l.querySelectorAll('blockquote[data-secret=\"'+t.secret+'\"]'),c=new RegExp(\"^https?:$\",\"i\"),i=0;i<o.length;i++)o[i].style.display=\"none\";for(i=0;i<a.length;i++)s=a[i],e.source===s.contentWindow&&(s.removeAttribute(\"style\"),\"height\"===t.message?(1e3<(r=parseInt(t.value,10))?r=1e3:~~r<200&&(r=200),s.height=r):\"link\"===t.message&&(r=new URL(s.getAttribute(\"src\")),n=new URL(t.value),c.test(n.protocol))&&n.host===r.host&&l.activeElement===s&&(d.top.location.href=t.value))}},d.addEventListener(\"message\",d.wp.receiveEmbedMessage,!1),l.addEventListener(\"DOMContentLoaded\",function(){for(var e,t,s=l.querySelectorAll(\"iframe.wp-embedded-content\"),r=0;r<s.length;r++)(t=(e=s[r]).getAttribute(\"data-secret\"))||(t=Math.random().toString(36).substring(2,12),e.src+=\"#?secret=\"+t,e.setAttribute(\"data-secret\",t)),e.contentWindow.postMessage({message:\"ready\",secret:t},\"*\")},!1)))}(window,document);\n\/\/# sourceURL=https:\/\/www.ensembleintercontemporain.com\/wp-includes\/js\/wp-embed.min.js\n\/* ]]> *\/\n<\/script>\n","thumbnail_url":"http:\/\/www.ensembleintercontemporain.com\/content\/uploads\/2023\/02\/220914-ao-em-thehouseofcall003-bd.jpg","thumbnail_width":1920,"thumbnail_height":1397,"description":"Pour c\u00e9l\u00e9brer le centenaire de la naissance de Gy\u00f6rgy Ligeti, le chef d\u2019orchestre Vimbayi Kaziboni a imagin\u00e9 pour le concert du 3 mars \u00e0 la Cit\u00e9 de la musique, un programme original mettant en perspective trois des \u0153uvres du compositeur hongrois disparu en 2006 \u00a0\u00e0 celles de compositrices et compositeurs issus d\u2019Afrique et des Cara\u00efbes."}